{"id":108,"date":"2017-06-25T04:10:30","date_gmt":"2017-06-25T04:10:30","guid":{"rendered":"http:\/\/remunomex.uas.edu.mx\/?page_id=108"},"modified":"2019-01-03T20:41:00","modified_gmt":"2019-01-03T20:41:00","slug":"museo-gral-domingo-rubi-el-verde-concordia","status":"publish","type":"page","link":"http:\/\/remunomex.uas.edu.mx\/index.php\/museo-gral-domingo-rubi-el-verde-concordia\/","title":{"rendered":"MUSEO GRAL. DOMINGO RUB\u00cd"},"content":{"rendered":"<hr \/>\n<div id=\"informacion\"><strong>Direcci\u00f3n<\/strong><br \/>\nReforma S\/N<br \/>\nCentro, C.P. 82648<br \/>\nEl Verde, Concordia, Sinaloa<\/div>\n<p><iframe loading=\"lazy\" style=\"border: 0;\" src=\"https:\/\/www.google.com\/maps\/embed?pb=!1m18!1m12!1m3!1d1832.3428832054847!2d-106.07069481645964!3d23.290864998102265!2m3!1f0!2f0!3f0!3m2!1i1024!2i768!4f13.1!3m3!1m2!1s0x0%3A0x0!2zMjPCsDE3JzI3LjEiTiAxMDbCsDA0JzExLjciVw!5e0!3m2!1ses!2sus!4v1502338527896\" width=\"350\" height=\"300\" frameborder=\"0\" allowfullscreen=\"allowfullscreen\"><\/iframe><br \/>\n<strong>Informaci\u00f3n de la direcci\u00f3n del museo<\/strong><\/p>\n<p><img loading=\"lazy\" class=\"\" src=\"https:\/\/vivalanoticia.com\/wp-content\/uploads\/2017\/07\/concordia-turi.jpg\" alt=\"Imagen relacionada\" width=\"224\" height=\"168\" \/>\u00a0<img loading=\"lazy\" class=\"\" src=\"https:\/\/revistaespejo.com\/wp-content\/uploads\/2017\/04\/260264_zoom.jpg\" alt=\"Resultado de imagen para concordia sinaloa\" width=\"281\" height=\"167\" \/>\u00a0<img loading=\"lazy\" class=\"\" src=\"http:\/\/www.lavozdelnorte.com.mx\/wp-content\/uploads\/2011\/10\/Concordia.jpg\" alt=\"Resultado de imagen para concordia sinaloa\" width=\"255\" height=\"166\" \/><\/p>\n<div style=\"text-align: justify;\">De acuerdo a numerosas obras publicadas, escritas por historiadores reconocidos internacionalmente, se sabe que el capit\u00e1n\u00a0Francisco de Ibarra (explorador espa\u00f1ol)\u00a0fue quien conquist\u00f3 la Nueva Vizcaya,siendo el fundador de la villa de San Sebasti\u00e1n, actual ciudad de Concordia\u00a0Sinaloa, el d\u00eda\u00a020 de enero\u00a0de\u00a01565\u00a0y del descubrimiento del mineral de\u00a0P\u00e1nuco (Sinaloa). Durante la etapa de todo el periodo colonial y hasta los primeros a\u00f1os del M\u00e9xico independiente conserv\u00f3 el nombre de Villa de San Sebasti\u00e1n. Durante la existencia del\u00a0Estado de Occidente, San Sebasti\u00e1n era la cabecera del Departamento de este nombre, conformado por el sur de Sinaloa, incluyendo\u00a0San Ignacio\u00a0y\u00a0El Rosario. En la primera Constituci\u00f3n Pol\u00edtica del estado de\u00a0Sinaloa, del a\u00f1o\u00a01831, el Departamento y la Villa de San Sebasti\u00e1n cambiaron de nombre por el de\u00a0<i>Concordia<\/i>\u00a0en recuerdo de una Logia Mas\u00f3nica ubicada en la localidad; siendo uno de los siete partidos que conformaban este estado.<\/div>\n<p>&nbsp;<\/p>\n<div><strong>Tel\u00e9fono<\/strong>: (694) 963-61-74<\/div>\n<p>&nbsp;<\/p>\n<div><strong>Horario<\/strong><br \/>\nAbre cada Jueves.<\/div>\n<p>&nbsp;<\/p>\n<div><strong>Datos generales<\/strong><br \/>\nEl museo se localiza en una sala de la Casa de la Comunidad, que fuera el domicilio particular del Gral. Domingo Rubi, cuatro veces gobernador de Sinaloa. En este centro se exhiben documentos e informaci\u00f3n biogr\u00e1fica del general Domingo Rub\u00ed, mobiliario y objetos de uso personal de este militar republicano, entre los que destaca un retrado de Rub\u00ed, obra de un artista an\u00f3nimo, que data de 1866. El acervo se complementa con una colecci\u00f3n de piezas arqueol\u00f3gicas y fotograf\u00edas de la comunidad.<\/div>\n<p>&nbsp;<\/p>\n<div><strong>Fecha de fundaci\u00f3n<\/strong><br \/>\n5 de Mayo de 1999.<\/div>\n<div><\/div>\n<hr \/>\n<h3 style=\"text-align: center;\">Responsable del Museo<\/h3>\n<div style=\"text-align: center;\">Mar\u00e1a del Rosario Lizarraga Celis<\/div>\n<div><\/div>\n","protected":false},"excerpt":{"rendered":"<p>Direcci\u00f3n Reforma S\/N Centro, C.P. 82648 El Verde, Concordia, Sinaloa Informaci\u00f3n de la direcci\u00f3n del museo \u00a0\u00a0 De acuerdo a<\/p>\n","protected":false},"author":1,"featured_media":0,"parent":0,"menu_order":0,"comment_status":"closed","ping_status":"closed","template":"","meta":[],"_links":{"self":[{"href":"http:\/\/remunomex.uas.edu.mx\/index.php\/wp-json\/wp\/v2\/pages\/108"}],"collection":[{"href":"http:\/\/remunomex.uas.edu.mx\/index.php\/wp-json\/wp\/v2\/pages"}],"about":[{"href":"http:\/\/remunomex.uas.edu.mx\/index.php\/wp-json\/wp\/v2\/types\/page"}],"author":[{"embeddable":true,"href":"http:\/\/remunomex.uas.edu.mx\/index.php\/wp-json\/wp\/v2\/users\/1"}],"replies":[{"embeddable":true,"href":"http:\/\/remunomex.uas.edu.mx\/index.php\/wp-json\/wp\/v2\/comments?post=108"}],"version-history":[{"count":7,"href":"http:\/\/remunomex.uas.edu.mx\/index.php\/wp-json\/wp\/v2\/pages\/108\/revisions"}],"predecessor-version":[{"id":1321,"href":"http:\/\/remunomex.uas.edu.mx\/index.php\/wp-json\/wp\/v2\/pages\/108\/revisions\/1321"}],"wp:attachment":[{"href":"http:\/\/remunomex.uas.edu.mx\/index.php\/wp-json\/wp\/v2\/media?parent=108"}],"curies":[{"name":"wp","href":"https:\/\/api.w.org\/{rel}","templated":true}]}}